{"id":196,"date":"2025-10-21T15:37:56","date_gmt":"2025-10-21T18:37:56","guid":{"rendered":"https:\/\/www.aesbe.org.br\/universalizar\/?page_id=196"},"modified":"2025-12-02T17:35:08","modified_gmt":"2025-12-02T20:35:08","slug":"programacao","status":"publish","type":"page","link":"https:\/\/www.aesbe.org.br\/universalizar\/programacao\/","title":{"rendered":"Programa\u00e7\u00e3o"},"content":{"rendered":"\t\t<div data-elementor-type=\"wp-page\" data-elementor-id=\"196\" class=\"elementor elementor-196\" data-elementor-post-type=\"page\">\n\t\t\t\t\t\t<section class=\"elementor-section elementor-top-section elementor-element elementor-element-908281b elementor-section-boxed elementor-section-height-default elementor-section-height-default\" data-id=\"908281b\" data-element_type=\"section\" data-settings=\"{&quot;background_background&quot;:&quot;classic&quot;}\">\n\t\t\t\t\t\t<div class=\"elementor-container elementor-column-gap-default\">\n\t\t\t\t\t<div class=\"elementor-column elementor-col-100 elementor-top-column elementor-element elementor-element-e2a5056\" data-id=\"e2a5056\" data-element_type=\"column\">\n\t\t\t<div class=\"elementor-widget-wrap elementor-element-populated\">\n\t\t\t\t\t\t<section class=\"elementor-section elementor-inner-section elementor-element elementor-element-6178382 elementor-section-boxed elementor-section-height-default elementor-section-height-default\" data-id=\"6178382\" data-element_type=\"section\">\n\t\t\t\t\t\t<div class=\"elementor-container elementor-column-gap-default\">\n\t\t\t\t\t<div class=\"elementor-column elementor-col-50 elementor-inner-column elementor-element elementor-element-62ef93c\" data-id=\"62ef93c\" data-element_type=\"column\">\n\t\t\t<div class=\"elementor-widget-wrap elementor-element-populated\">\n\t\t\t\t\t\t<div class=\"elementor-element elementor-element-80803f0 elementor-widget elementor-widget-image\" data-id=\"80803f0\" data-element_type=\"widget\" data-widget_type=\"image.default\">\n\t\t\t\t<div class=\"elementor-widget-container\">\n\t\t\t\t\t\t\t\t\t\t\t\t\t\t\t<img decoding=\"async\" width=\"450\" height=\"100\" src=\"https:\/\/www.aesbe.org.br\/universalizar\/wp-content\/uploads\/2025\/11\/aesbe-4.png\" class=\"attachment-large size-large wp-image-430\" alt=\"\" srcset=\"https:\/\/www.aesbe.org.br\/universalizar\/wp-content\/uploads\/2025\/11\/aesbe-4.png 450w, https:\/\/www.aesbe.org.br\/universalizar\/wp-content\/uploads\/2025\/11\/aesbe-4-300x67.png 300w\" sizes=\"(max-width: 450px) 100vw, 450px\" \/>\t\t\t\t\t\t\t\t\t\t\t\t\t\t\t<\/div>\n\t\t\t\t<\/div>\n\t\t\t\t\t<\/div>\n\t\t<\/div>\n\t\t\t\t<div class=\"elementor-column elementor-col-50 elementor-inner-column elementor-element elementor-element-af8e949\" data-id=\"af8e949\" data-element_type=\"column\">\n\t\t\t<div class=\"elementor-widget-wrap elementor-element-populated\">\n\t\t\t\t\t\t<div class=\"elementor-element elementor-element-68f4fe8 elementor-nav-menu--dropdown-tablet elementor-nav-menu__text-align-aside elementor-nav-menu--toggle elementor-nav-menu--burger elementor-widget elementor-widget-nav-menu\" data-id=\"68f4fe8\" data-element_type=\"widget\" data-settings=\"{&quot;layout&quot;:&quot;horizontal&quot;,&quot;submenu_icon&quot;:{&quot;value&quot;:&quot;&lt;svg class=\\&quot;e-font-icon-svg e-fas-caret-down\\&quot; viewBox=\\&quot;0 0 320 512\\&quot; xmlns=\\&quot;http:\\\/\\\/www.w3.org\\\/2000\\\/svg\\&quot;&gt;&lt;path d=\\&quot;M31.3 192h257.3c17.8 0 26.7 21.5 14.1 34.1L174.1 354.8c-7.8 7.8-20.5 7.8-28.3 0L17.2 226.1C4.6 213.5 13.5 192 31.3 192z\\&quot;&gt;&lt;\\\/path&gt;&lt;\\\/svg&gt;&quot;,&quot;library&quot;:&quot;fa-solid&quot;},&quot;toggle&quot;:&quot;burger&quot;}\" data-widget_type=\"nav-menu.default\">\n\t\t\t\t<div class=\"elementor-widget-container\">\n\t\t\t\t\t\t\t\t<nav aria-label=\"Menu\" class=\"elementor-nav-menu--main elementor-nav-menu__container elementor-nav-menu--layout-horizontal e--pointer-none\">\n\t\t\t\t<ul id=\"menu-1-68f4fe8\" class=\"elementor-nav-menu\"><li class=\"menu-item menu-item-type-post_type menu-item-object-page menu-item-home menu-item-50\"><a href=\"https:\/\/www.aesbe.org.br\/universalizar\/\" class=\"elementor-item\">Home<\/a><\/li>\n<li class=\"menu-item menu-item-type-post_type menu-item-object-page menu-item-237\"><a href=\"https:\/\/www.aesbe.org.br\/universalizar\/sobre-o-evento\/\" class=\"elementor-item\">O evento<\/a><\/li>\n<li class=\"menu-item menu-item-type-post_type menu-item-object-page menu-item-238\"><a href=\"https:\/\/www.aesbe.org.br\/universalizar\/programacao\/\" class=\"elementor-item\">Programa\u00e7\u00e3o<\/a><\/li>\n<li class=\"menu-item menu-item-type-post_type menu-item-object-page menu-item-239\"><a href=\"https:\/\/www.aesbe.org.br\/universalizar\/patrocinadores\/\" class=\"elementor-item\">Patrocinadores<\/a><\/li>\n<li class=\"menu-item menu-item-type-custom menu-item-object-custom menu-item-46\"><a href=\"https:\/\/app.ciaticket.com.br\/e\/SEMINARIOAESBE41ANOS\" class=\"elementor-item\">Inscri\u00e7\u00f5es<\/a><\/li>\n<li class=\"menu-item menu-item-type-custom menu-item-object-custom menu-item-47\"><a href=\"https:\/\/www.aesbe.org.br\/universalizar\/home-atual\/#informacoes\" class=\"elementor-item elementor-item-anchor\">Informa\u00e7\u00f5es<\/a><\/li>\n<li class=\"menu-item menu-item-type-custom menu-item-object-custom menu-item-49\"><a href=\"https:\/\/www.aesbe.org.br\/universalizar\/home-atual\/#contato\" class=\"elementor-item elementor-item-anchor\">Contato<\/a><\/li>\n<\/ul>\t\t\t<\/nav>\n\t\t\t\t\t<div class=\"elementor-menu-toggle\" role=\"button\" tabindex=\"0\" aria-label=\"Alternar menu\" aria-expanded=\"false\">\n\t\t\t<svg aria-hidden=\"true\" role=\"presentation\" class=\"elementor-menu-toggle__icon--open e-font-icon-svg e-eicon-menu-bar\" viewBox=\"0 0 1000 1000\" xmlns=\"http:\/\/www.w3.org\/2000\/svg\"><path d=\"M104 333H896C929 333 958 304 958 271S929 208 896 208H104C71 208 42 237 42 271S71 333 104 333ZM104 583H896C929 583 958 554 958 521S929 458 896 458H104C71 458 42 487 42 521S71 583 104 583ZM104 833H896C929 833 958 804 958 771S929 708 896 708H104C71 708 42 737 42 771S71 833 104 833Z\"><\/path><\/svg><svg aria-hidden=\"true\" role=\"presentation\" class=\"elementor-menu-toggle__icon--close e-font-icon-svg e-eicon-close\" viewBox=\"0 0 1000 1000\" xmlns=\"http:\/\/www.w3.org\/2000\/svg\"><path d=\"M742 167L500 408 258 167C246 154 233 150 217 150 196 150 179 158 167 167 154 179 150 196 150 212 150 229 154 242 171 254L408 500 167 742C138 771 138 800 167 829 196 858 225 858 254 829L496 587 738 829C750 842 767 846 783 846 800 846 817 842 829 829 842 817 846 804 846 783 846 767 842 750 829 737L588 500 833 258C863 229 863 200 833 171 804 137 775 137 742 167Z\"><\/path><\/svg>\t\t<\/div>\n\t\t\t\t\t<nav class=\"elementor-nav-menu--dropdown elementor-nav-menu__container\" aria-hidden=\"true\">\n\t\t\t\t<ul id=\"menu-2-68f4fe8\" class=\"elementor-nav-menu\"><li class=\"menu-item menu-item-type-post_type menu-item-object-page menu-item-home menu-item-50\"><a href=\"https:\/\/www.aesbe.org.br\/universalizar\/\" class=\"elementor-item\" tabindex=\"-1\">Home<\/a><\/li>\n<li class=\"menu-item menu-item-type-post_type menu-item-object-page menu-item-237\"><a href=\"https:\/\/www.aesbe.org.br\/universalizar\/sobre-o-evento\/\" class=\"elementor-item\" tabindex=\"-1\">O evento<\/a><\/li>\n<li class=\"menu-item menu-item-type-post_type menu-item-object-page menu-item-238\"><a href=\"https:\/\/www.aesbe.org.br\/universalizar\/programacao\/\" class=\"elementor-item\" tabindex=\"-1\">Programa\u00e7\u00e3o<\/a><\/li>\n<li class=\"menu-item menu-item-type-post_type menu-item-object-page menu-item-239\"><a href=\"https:\/\/www.aesbe.org.br\/universalizar\/patrocinadores\/\" class=\"elementor-item\" tabindex=\"-1\">Patrocinadores<\/a><\/li>\n<li class=\"menu-item menu-item-type-custom menu-item-object-custom menu-item-46\"><a href=\"https:\/\/app.ciaticket.com.br\/e\/SEMINARIOAESBE41ANOS\" class=\"elementor-item\" tabindex=\"-1\">Inscri\u00e7\u00f5es<\/a><\/li>\n<li class=\"menu-item menu-item-type-custom menu-item-object-custom menu-item-47\"><a href=\"https:\/\/www.aesbe.org.br\/universalizar\/home-atual\/#informacoes\" class=\"elementor-item elementor-item-anchor\" tabindex=\"-1\">Informa\u00e7\u00f5es<\/a><\/li>\n<li class=\"menu-item menu-item-type-custom menu-item-object-custom menu-item-49\"><a href=\"https:\/\/www.aesbe.org.br\/universalizar\/home-atual\/#contato\" class=\"elementor-item elementor-item-anchor\" tabindex=\"-1\">Contato<\/a><\/li>\n<\/ul>\t\t\t<\/nav>\n\t\t\t\t\t\t<\/div>\n\t\t\t\t<\/div>\n\t\t\t\t\t<\/div>\n\t\t<\/div>\n\t\t\t\t\t<\/div>\n\t\t<\/section>\n\t\t\t\t<div class=\"elementor-element elementor-element-6c8db15 elementor-widget elementor-widget-spacer\" data-id=\"6c8db15\" data-element_type=\"widget\" data-widget_type=\"spacer.default\">\n\t\t\t\t<div class=\"elementor-widget-container\">\n\t\t\t\t\t\t\t<div class=\"elementor-spacer\">\n\t\t\t<div class=\"elementor-spacer-inner\"><\/div>\n\t\t<\/div>\n\t\t\t\t\t\t<\/div>\n\t\t\t\t<\/div>\n\t\t\t\t<div class=\"elementor-element elementor-element-30267e6 elementor-widget elementor-widget-heading\" data-id=\"30267e6\" data-element_type=\"widget\" data-widget_type=\"heading.default\">\n\t\t\t\t<div class=\"elementor-widget-container\">\n\t\t\t\t\t<h2 class=\"elementor-heading-title elementor-size-default\">Programa\u00e7\u00e3o<\/h2>\t\t\t\t<\/div>\n\t\t\t\t<\/div>\n\t\t\t\t\t<\/div>\n\t\t<\/div>\n\t\t\t\t\t<\/div>\n\t\t<\/section>\n\t\t\t\t<section class=\"elementor-section elementor-top-section elementor-element elementor-element-bf1b8b1 elementor-section-full_width elementor-section-height-min-height elementor-section-height-default elementor-section-items-middle\" data-id=\"bf1b8b1\" data-element_type=\"section\" data-settings=\"{&quot;background_background&quot;:&quot;classic&quot;}\">\n\t\t\t\t\t\t<div class=\"elementor-container elementor-column-gap-default\">\n\t\t\t\t\t<div class=\"elementor-column elementor-col-100 elementor-top-column elementor-element elementor-element-1a29b01\" data-id=\"1a29b01\" data-element_type=\"column\">\n\t\t\t<div class=\"elementor-widget-wrap\">\n\t\t\t\t\t\t\t<\/div>\n\t\t<\/div>\n\t\t\t\t\t<\/div>\n\t\t<\/section>\n\t\t<div class=\"elementor-element elementor-element-000c563 e-flex e-con-boxed e-con e-parent\" data-id=\"000c563\" data-element_type=\"container\">\n\t\t\t\t\t<div class=\"e-con-inner\">\n\t\t\t\t<div class=\"elementor-element elementor-element-a21842e e-n-tabs-mobile elementor-widget elementor-widget-n-tabs\" data-id=\"a21842e\" data-element_type=\"widget\" data-settings=\"{&quot;horizontal_scroll&quot;:&quot;disable&quot;}\" data-widget_type=\"nested-tabs.default\">\n\t\t\t\t<div class=\"elementor-widget-container\">\n\t\t\t\t\t\t\t<div class=\"e-n-tabs\" data-widget-number=\"169968686\" aria-label=\"Abas. Abra itens com &quot;Enter&quot; ou &quot;Espa\u00e7o&quot;, feche com &quot;Escape&quot; e navegue usando as teclas de &quot;Seta&quot;.\">\n\t\t\t<div class=\"e-n-tabs-heading\" role=\"tablist\">\n\t\t\t\t\t<button id=\"e-n-tab-title-1699686861\" class=\"e-n-tab-title\" aria-selected=\"true\" data-tab-index=\"1\" role=\"tab\" tabindex=\"0\" aria-controls=\"e-n-tab-content-1699686861\" style=\"--n-tabs-title-order: 1;\">\n\t\t\t\t\t\t<span class=\"e-n-tab-title-text\">\n\t\t\t\t2 de dezembro\t\t\t<\/span>\n\t\t<\/button>\n\t\t\t\t<button id=\"e-n-tab-title-1699686862\" class=\"e-n-tab-title\" aria-selected=\"false\" data-tab-index=\"2\" role=\"tab\" tabindex=\"-1\" aria-controls=\"e-n-tab-content-1699686862\" style=\"--n-tabs-title-order: 2;\">\n\t\t\t\t\t\t<span class=\"e-n-tab-title-text\">\n\t\t\t\t3 de dezembro\t\t\t<\/span>\n\t\t<\/button>\n\t\t\t\t<button id=\"e-n-tab-title-1699686863\" class=\"e-n-tab-title\" aria-selected=\"false\" data-tab-index=\"3\" role=\"tab\" tabindex=\"-1\" aria-controls=\"e-n-tab-content-1699686863\" style=\"--n-tabs-title-order: 3;\">\n\t\t\t\t\t\t<span class=\"e-n-tab-title-text\">\n\t\t\t\t4 de dezembro\t\t\t<\/span>\n\t\t<\/button>\n\t\t\t\t\t<\/div>\n\t\t\t<div class=\"e-n-tabs-content\">\n\t\t\t\t<div id=\"e-n-tab-content-1699686861\" role=\"tabpanel\" aria-labelledby=\"e-n-tab-title-1699686861\" data-tab-index=\"1\" style=\"--n-tabs-title-order: 1;\" class=\"e-active elementor-element elementor-element-7231d02 e-flex e-con-boxed e-con e-child\" data-id=\"7231d02\" data-element_type=\"container\">\n\t\t\t\t\t<div class=\"e-con-inner\">\n\t\t<div class=\"elementor-element elementor-element-9bc9fcb e-con-full e-flex e-con e-child\" data-id=\"9bc9fcb\" data-element_type=\"container\">\n\t\t<div class=\"elementor-element elementor-element-4424aaa e-con-full e-flex e-con e-child\" data-id=\"4424aaa\" data-element_type=\"container\" data-settings=\"{&quot;background_background&quot;:&quot;classic&quot;}\">\n\t\t\t\t<div class=\"elementor-element elementor-element-dece9f9 elementor-widget elementor-widget-heading\" data-id=\"dece9f9\" data-element_type=\"widget\" data-widget_type=\"heading.default\">\n\t\t\t\t<div class=\"elementor-widget-container\">\n\t\t\t\t\t<h2 class=\"elementor-heading-title elementor-size-default\">8h \u00e0s 9h<\/h2>\t\t\t\t<\/div>\n\t\t\t\t<\/div>\n\t\t\t\t<\/div>\n\t\t<div class=\"elementor-element elementor-element-fa6b16e e-con-full e-flex e-con e-child\" data-id=\"fa6b16e\" data-element_type=\"container\" data-settings=\"{&quot;background_background&quot;:&quot;classic&quot;}\">\n\t\t\t\t<div class=\"elementor-element elementor-element-e56ef9c elementor-widget elementor-widget-heading\" data-id=\"e56ef9c\" data-element_type=\"widget\" data-widget_type=\"heading.default\">\n\t\t\t\t<div class=\"elementor-widget-container\">\n\t\t\t\t\t<h2 class=\"elementor-heading-title elementor-size-default\">Credenciamento\n<\/h2>\t\t\t\t<\/div>\n\t\t\t\t<\/div>\n\t\t\t\t<\/div>\n\t\t\t\t<\/div>\n\t\t<div class=\"elementor-element elementor-element-8e7ab56 e-con-full e-flex e-con e-child\" data-id=\"8e7ab56\" data-element_type=\"container\">\n\t\t<div class=\"elementor-element elementor-element-3287887 e-con-full e-flex e-con e-child\" data-id=\"3287887\" data-element_type=\"container\" data-settings=\"{&quot;background_background&quot;:&quot;classic&quot;}\">\n\t\t\t\t<div class=\"elementor-element elementor-element-e85332a elementor-widget elementor-widget-heading\" data-id=\"e85332a\" data-element_type=\"widget\" data-widget_type=\"heading.default\">\n\t\t\t\t<div class=\"elementor-widget-container\">\n\t\t\t\t\t<h2 class=\"elementor-heading-title elementor-size-default\">9h \u00e0s 9h45<\/h2>\t\t\t\t<\/div>\n\t\t\t\t<\/div>\n\t\t\t\t<\/div>\n\t\t<div class=\"elementor-element elementor-element-3a7a2fc e-con-full e-flex e-con e-child\" data-id=\"3a7a2fc\" data-element_type=\"container\" data-settings=\"{&quot;background_background&quot;:&quot;classic&quot;}\">\n\t\t\t\t<div class=\"elementor-element elementor-element-f340b7d elementor-widget elementor-widget-heading\" data-id=\"f340b7d\" data-element_type=\"widget\" data-widget_type=\"heading.default\">\n\t\t\t\t<div class=\"elementor-widget-container\">\n\t\t\t\t\t<h2 class=\"elementor-heading-title elementor-size-default\">Solenidade de Abertura  <br> <br>\n<br> Composi\u00e7\u00e3o da Mesa: <br> \n1) Munir Abud, presidente da Aesbe e da Cesan <br> \n2) Marcos Aur\u00e9lio Alves Freitas, vice-presidente Nacional da Aesbe e\npresidente da Caema <br> \n3) Leonardo Picciani, secret\u00e1rio Nacional de Saneamento Ambiental do\nMinist\u00e9rio das Cidades <br> \n4) Veronica Sanchez, presidente da ANA\n<br> \n5) Alexandre Motta, presidente da Funasa<\/h2>\t\t\t\t<\/div>\n\t\t\t\t<\/div>\n\t\t\t\t<\/div>\n\t\t\t\t<\/div>\n\t\t<div class=\"elementor-element elementor-element-206ccff e-con-full e-flex e-con e-child\" data-id=\"206ccff\" data-element_type=\"container\">\n\t\t<div class=\"elementor-element elementor-element-e956809 e-con-full e-flex e-con e-child\" data-id=\"e956809\" data-element_type=\"container\" data-settings=\"{&quot;background_background&quot;:&quot;classic&quot;}\">\n\t\t\t\t<div class=\"elementor-element elementor-element-a2a21ed elementor-widget elementor-widget-heading\" data-id=\"a2a21ed\" data-element_type=\"widget\" data-widget_type=\"heading.default\">\n\t\t\t\t<div class=\"elementor-widget-container\">\n\t\t\t\t\t<h2 class=\"elementor-heading-title elementor-size-default\">9h50 \u00e0s 10h20<\/h2>\t\t\t\t<\/div>\n\t\t\t\t<\/div>\n\t\t\t\t<\/div>\n\t\t<div class=\"elementor-element elementor-element-81404f9 e-con-full e-flex e-con e-child\" data-id=\"81404f9\" data-element_type=\"container\" data-settings=\"{&quot;background_background&quot;:&quot;classic&quot;}\">\n\t\t\t\t<div class=\"elementor-element elementor-element-7de32cb elementor-widget elementor-widget-heading\" data-id=\"7de32cb\" data-element_type=\"widget\" data-widget_type=\"heading.default\">\n\t\t\t\t<div class=\"elementor-widget-container\">\n\t\t\t\t\t<h2 class=\"elementor-heading-title elementor-size-default\">Di\u00e1logo COP30 e a Casa do Saneamento: Reflex\u00f5es e Desdobramentos <br> \nModerador: Munir Abud, presidente da Aesbe e da Cesan <br> <br> \n\nComposi\u00e7\u00e3o da Mesa: <br> \n1) Alexandre Motta, presidente da Funasa  <br> <br> \n\nEstrutura do painel: Bate papo interativo de 40 minutos, com perguntas direcionadas\npelo moderador e da plateia<\/h2>\t\t\t\t<\/div>\n\t\t\t\t<\/div>\n\t\t\t\t<\/div>\n\t\t\t\t<\/div>\n\t\t<div class=\"elementor-element elementor-element-80a4ba6 e-con-full e-flex e-con e-child\" data-id=\"80a4ba6\" data-element_type=\"container\">\n\t\t<div class=\"elementor-element elementor-element-a33b6bf e-con-full e-flex e-con e-child\" data-id=\"a33b6bf\" data-element_type=\"container\" data-settings=\"{&quot;background_background&quot;:&quot;classic&quot;}\">\n\t\t\t\t<div class=\"elementor-element elementor-element-f945e3b elementor-widget elementor-widget-heading\" data-id=\"f945e3b\" data-element_type=\"widget\" data-widget_type=\"heading.default\">\n\t\t\t\t<div class=\"elementor-widget-container\">\n\t\t\t\t\t<h2 class=\"elementor-heading-title elementor-size-default\">10h25 \u00e0s 11h25<\/h2>\t\t\t\t<\/div>\n\t\t\t\t<\/div>\n\t\t\t\t<\/div>\n\t\t<div class=\"elementor-element elementor-element-f090495 e-con-full e-flex e-con e-child\" data-id=\"f090495\" data-element_type=\"container\" data-settings=\"{&quot;background_background&quot;:&quot;classic&quot;}\">\n\t\t\t\t<div class=\"elementor-element elementor-element-b897a56 elementor-widget elementor-widget-heading\" data-id=\"b897a56\" data-element_type=\"widget\" data-widget_type=\"heading.default\">\n\t\t\t\t<div class=\"elementor-widget-container\">\n\t\t\t\t\t<h2 class=\"elementor-heading-title elementor-size-default\">PAINEL 1 \u2013 Financiamento Clim\u00e1tico e Infraestrutura Verde no P\u00f3s-COP30 <br> \nModerador: Luiz Cavalcante Peixoto Neto, presidente do Conselho Fiscal da\nAesbe e presidente da Casal <br> <br> \n\nComposi\u00e7\u00e3o da Mesa: <br>\n1) Dominique Hautbergue, diretor Regional Brasil\/Cone Sul da Ag\u00eancia\nFrancesa de Desenvolvimento (AFD) <br> \n2) Aghata Conde, gerente de Projeto de Saneamento e Mobilidade Urbana\ndo Banco de Desenvolvimento Alem\u00e3o (KFW) <br> \n3) Felipe Henrique Dias Barbosa, Head ESG da Houer Consultoria e\nConcess\u00f5es <br> <br> \n\nEstrutura do painel: 10 minutos de fala para cada painelista + 20 minutos finais de\ndebates<\/h2>\t\t\t\t<\/div>\n\t\t\t\t<\/div>\n\t\t\t\t<\/div>\n\t\t\t\t<\/div>\n\t\t<div class=\"elementor-element elementor-element-c30d7cc e-con-full e-flex e-con e-child\" data-id=\"c30d7cc\" data-element_type=\"container\">\n\t\t<div class=\"elementor-element elementor-element-e09558b e-con-full e-flex e-con e-child\" data-id=\"e09558b\" data-element_type=\"container\" data-settings=\"{&quot;background_background&quot;:&quot;classic&quot;}\">\n\t\t\t\t<div class=\"elementor-element elementor-element-deda99f elementor-widget elementor-widget-heading\" data-id=\"deda99f\" data-element_type=\"widget\" data-widget_type=\"heading.default\">\n\t\t\t\t<div class=\"elementor-widget-container\">\n\t\t\t\t\t<h2 class=\"elementor-heading-title elementor-size-default\">11h30 \u00e0s 12h50<\/h2>\t\t\t\t<\/div>\n\t\t\t\t<\/div>\n\t\t\t\t<\/div>\n\t\t<div class=\"elementor-element elementor-element-8508857 e-con-full e-flex e-con e-child\" data-id=\"8508857\" data-element_type=\"container\" data-settings=\"{&quot;background_background&quot;:&quot;classic&quot;}\">\n\t\t\t\t<div class=\"elementor-element elementor-element-8d9ec7a elementor-widget elementor-widget-heading\" data-id=\"8d9ec7a\" data-element_type=\"widget\" data-widget_type=\"heading.default\">\n\t\t\t\t<div class=\"elementor-widget-container\">\n\t\t\t\t\t<h2 class=\"elementor-heading-title elementor-size-default\">PAINEL 2 \u2013 Finan\u00e7as para a Universaliza\u00e7\u00e3o: o papel do governo e dos bancos p\u00fablicos e multilaterais  <br>\nModerador: Gildeone Almeida, vice-presidente Regional Nordeste II e presidente da Embasa  <br> <br>\n\nComposi\u00e7\u00e3o da Mesa: <br>\n1) M\u00e1rcio Le\u00e3o Coelho, diretor do Departamento de Repasses e\nFinanciamento da Secretaria de Saneamento Ambiental do Minist\u00e9rio das Cidades  <br>\n2) Tarso Duarte de Tassis, vice-presidente de Neg\u00f3cios e Atacado da CAIXA <br>\n3) Eduardo Nali, chefe de Finan\u00e7as Estruturadas no BNDES <br><br>\n\n\nEstrutura do painel: 12 minutos de fala para cada painelista + 20 minutos finais de\ndebates<\/h2>\t\t\t\t<\/div>\n\t\t\t\t<\/div>\n\t\t\t\t<\/div>\n\t\t\t\t<\/div>\n\t\t<div class=\"elementor-element elementor-element-7bb2afa e-con-full e-flex e-con e-child\" data-id=\"7bb2afa\" data-element_type=\"container\">\n\t\t<div class=\"elementor-element elementor-element-5e21a6b e-con-full e-flex e-con e-child\" data-id=\"5e21a6b\" data-element_type=\"container\" data-settings=\"{&quot;background_background&quot;:&quot;classic&quot;}\">\n\t\t\t\t<div class=\"elementor-element elementor-element-d77db1e elementor-widget elementor-widget-heading\" data-id=\"d77db1e\" data-element_type=\"widget\" data-widget_type=\"heading.default\">\n\t\t\t\t<div class=\"elementor-widget-container\">\n\t\t\t\t\t<h2 class=\"elementor-heading-title elementor-size-default\">12h50 \u00e0s 14h<\/h2>\t\t\t\t<\/div>\n\t\t\t\t<\/div>\n\t\t\t\t<\/div>\n\t\t<div class=\"elementor-element elementor-element-060a291 e-con-full e-flex e-con e-child\" data-id=\"060a291\" data-element_type=\"container\" data-settings=\"{&quot;background_background&quot;:&quot;classic&quot;}\">\n\t\t\t\t<div class=\"elementor-element elementor-element-3b2b75d elementor-widget elementor-widget-heading\" data-id=\"3b2b75d\" data-element_type=\"widget\" data-widget_type=\"heading.default\">\n\t\t\t\t<div class=\"elementor-widget-container\">\n\t\t\t\t\t<h2 class=\"elementor-heading-title elementor-size-default\">Pausa para Almo\u00e7o<\/h2>\t\t\t\t<\/div>\n\t\t\t\t<\/div>\n\t\t\t\t<\/div>\n\t\t\t\t<\/div>\n\t\t<div class=\"elementor-element elementor-element-447ecc4 e-con-full e-flex e-con e-child\" data-id=\"447ecc4\" data-element_type=\"container\">\n\t\t<div class=\"elementor-element elementor-element-b4fdbde e-con-full e-flex e-con e-child\" data-id=\"b4fdbde\" data-element_type=\"container\" data-settings=\"{&quot;background_background&quot;:&quot;classic&quot;}\">\n\t\t\t\t<div class=\"elementor-element elementor-element-a14664a elementor-widget elementor-widget-heading\" data-id=\"a14664a\" data-element_type=\"widget\" data-widget_type=\"heading.default\">\n\t\t\t\t<div class=\"elementor-widget-container\">\n\t\t\t\t\t<h2 class=\"elementor-heading-title elementor-size-default\">14h \u00e0s 15h20<\/h2>\t\t\t\t<\/div>\n\t\t\t\t<\/div>\n\t\t\t\t<\/div>\n\t\t<div class=\"elementor-element elementor-element-c7bfd9a e-con-full e-flex e-con e-child\" data-id=\"c7bfd9a\" data-element_type=\"container\" data-settings=\"{&quot;background_background&quot;:&quot;classic&quot;}\">\n\t\t\t\t<div class=\"elementor-element elementor-element-349880a elementor-widget elementor-widget-heading\" data-id=\"349880a\" data-element_type=\"widget\" data-widget_type=\"heading.default\">\n\t\t\t\t<div class=\"elementor-widget-container\">\n\t\t\t\t\t<h2 class=\"elementor-heading-title elementor-size-default\">PAINEL EXCLUSIVO FUNASA: FUNASA: Caminhos para o\nPlanejamento Estrat\u00e9gico P\u00f3s-COP30 <br>\nModerador: Alexandre Motta, presidente da Funasa <br> <br>\n\nComposi\u00e7\u00e3o da Mesa: <br>\n1) Munir Abud, presidente da Aesbe e da Cesan<br>\n2) Adalberto Maluf Filho, secret\u00e1rio Nacional de Meio Ambiente Urbano, Recursos H\u00eddricos e Qualidade Ambiental do Minist\u00e9rio do Meio Ambiente e Mudan\u00e7a do Clima <br>\n3) Christianne Dias Ferreira, diretora Executiva da Abcon  <br>\n4) \u00c1gatha Cristine Flor\u00eancio, presidente Regional Goi\u00e1s da Assemae <br>\n5) Rafael Guimar\u00e3es, representante do F\u00f3rum Nacional dos Comit\u00eas de Bacias\nHidrogr\u00e1ficas (FNCBH) <br> <br>\n\nEstrutura do painel: 10 minutos de fala para cada painelista + 20 minutos finais de\ndebates<\/h2>\t\t\t\t<\/div>\n\t\t\t\t<\/div>\n\t\t\t\t<\/div>\n\t\t\t\t<\/div>\n\t\t<div class=\"elementor-element elementor-element-9f603fb e-con-full e-flex e-con e-child\" data-id=\"9f603fb\" data-element_type=\"container\">\n\t\t<div class=\"elementor-element elementor-element-392d1ca e-con-full e-flex e-con e-child\" data-id=\"392d1ca\" data-element_type=\"container\" data-settings=\"{&quot;background_background&quot;:&quot;classic&quot;}\">\n\t\t\t\t<div class=\"elementor-element elementor-element-54a3dbe elementor-widget elementor-widget-heading\" data-id=\"54a3dbe\" data-element_type=\"widget\" data-widget_type=\"heading.default\">\n\t\t\t\t<div class=\"elementor-widget-container\">\n\t\t\t\t\t<h2 class=\"elementor-heading-title elementor-size-default\">15h25 \u00e0s 15h45<\/h2>\t\t\t\t<\/div>\n\t\t\t\t<\/div>\n\t\t\t\t<\/div>\n\t\t<div class=\"elementor-element elementor-element-0f0c4ec e-con-full e-flex e-con e-child\" data-id=\"0f0c4ec\" data-element_type=\"container\" data-settings=\"{&quot;background_background&quot;:&quot;classic&quot;}\">\n\t\t\t\t<div class=\"elementor-element elementor-element-1752189 elementor-widget elementor-widget-heading\" data-id=\"1752189\" data-element_type=\"widget\" data-widget_type=\"heading.default\">\n\t\t\t\t<div class=\"elementor-widget-container\">\n\t\t\t\t\t<h2 class=\"elementor-heading-title elementor-size-default\">Momento Sustentabilidade \u2013 Infometter <br>\nTema: Controle de Perdas e Sinisa  <br>\nPalestrantes: Matheus Mendes, cientista de Dados da Infometter; e M\u00e1rio\nAugusto Baggio, s\u00f3cio-diretor da HWATER Consultoria<\/h2>\t\t\t\t<\/div>\n\t\t\t\t<\/div>\n\t\t\t\t<\/div>\n\t\t\t\t<\/div>\n\t\t<div class=\"elementor-element elementor-element-81c3a20 e-con-full e-flex e-con e-child\" data-id=\"81c3a20\" data-element_type=\"container\">\n\t\t<div class=\"elementor-element elementor-element-180b5de e-con-full e-flex e-con e-child\" data-id=\"180b5de\" data-element_type=\"container\" data-settings=\"{&quot;background_background&quot;:&quot;classic&quot;}\">\n\t\t\t\t<div class=\"elementor-element elementor-element-33dbc15 elementor-widget elementor-widget-heading\" data-id=\"33dbc15\" data-element_type=\"widget\" data-widget_type=\"heading.default\">\n\t\t\t\t<div class=\"elementor-widget-container\">\n\t\t\t\t\t<h2 class=\"elementor-heading-title elementor-size-default\">15h50<\/h2>\t\t\t\t<\/div>\n\t\t\t\t<\/div>\n\t\t\t\t<\/div>\n\t\t<div class=\"elementor-element elementor-element-d7fae3f e-con-full e-flex e-con e-child\" data-id=\"d7fae3f\" data-element_type=\"container\" data-settings=\"{&quot;background_background&quot;:&quot;classic&quot;}\">\n\t\t\t\t<div class=\"elementor-element elementor-element-c016764 elementor-widget elementor-widget-heading\" data-id=\"c016764\" data-element_type=\"widget\" data-widget_type=\"heading.default\">\n\t\t\t\t<div class=\"elementor-widget-container\">\n\t\t\t\t\t<h2 class=\"elementor-heading-title elementor-size-default\">Encerramento do primeiro dia<\/h2>\t\t\t\t<\/div>\n\t\t\t\t<\/div>\n\t\t\t\t<\/div>\n\t\t\t\t<\/div>\n\t\t\t\t\t<\/div>\n\t\t\t\t<\/div>\n\t\t<div id=\"e-n-tab-content-1699686862\" role=\"tabpanel\" aria-labelledby=\"e-n-tab-title-1699686862\" data-tab-index=\"2\" style=\"--n-tabs-title-order: 2;\" class=\" elementor-element elementor-element-19d5679 e-flex e-con-boxed e-con e-child\" data-id=\"19d5679\" data-element_type=\"container\">\n\t\t\t\t\t<div class=\"e-con-inner\">\n\t\t<div class=\"elementor-element elementor-element-956716e e-con-full e-flex e-con e-child\" data-id=\"956716e\" data-element_type=\"container\">\n\t\t<div class=\"elementor-element elementor-element-4fb8bb8 e-con-full e-flex e-con e-child\" data-id=\"4fb8bb8\" data-element_type=\"container\" data-settings=\"{&quot;background_background&quot;:&quot;classic&quot;}\">\n\t\t\t\t<div class=\"elementor-element elementor-element-aa2d20e elementor-widget elementor-widget-heading\" data-id=\"aa2d20e\" data-element_type=\"widget\" data-widget_type=\"heading.default\">\n\t\t\t\t<div class=\"elementor-widget-container\">\n\t\t\t\t\t<h2 class=\"elementor-heading-title elementor-size-default\">9h \u00e0s 10h20\n<\/h2>\t\t\t\t<\/div>\n\t\t\t\t<\/div>\n\t\t\t\t<\/div>\n\t\t<div class=\"elementor-element elementor-element-e7b1400 e-con-full e-flex e-con e-child\" data-id=\"e7b1400\" data-element_type=\"container\" data-settings=\"{&quot;background_background&quot;:&quot;classic&quot;}\">\n\t\t\t\t<div class=\"elementor-element elementor-element-b177a3f elementor-widget elementor-widget-heading\" data-id=\"b177a3f\" data-element_type=\"widget\" data-widget_type=\"heading.default\">\n\t\t\t\t<div class=\"elementor-widget-container\">\n\t\t\t\t\t<h2 class=\"elementor-heading-title elementor-size-default\">PAINEL 3: Seguran\u00e7a H\u00eddrica e Adapta\u00e7\u00e3o \u00e0 Mudan\u00e7a do Clima <br> \nModerador: Marcos Aur\u00e9lio Alves Freitas, vice-presidente Nacional da Aesbe\ne presidente da Caema <br> <br> \n\nComposi\u00e7\u00e3o da Mesa:<br> \n1)Larissa R\u00eago, diretora da ANA <br> \n2) Natalia D\u2019Alessandro, especialista em Impactos, Adapta\u00e7\u00e3o e Resili\u00eancia no Minist\u00e9rio da Ci\u00eancia, Tecnologia e Inova\u00e7\u00e3o (MCTI) pelo PNUD Brasil <br> \n3) Inamara Santos M\u00e9lo, diretora de Pol\u00edticas para a Adapta\u00e7\u00e3o e Resili\u00eancia \u00e0\nMudan\u00e7a do Clima na Secretaria Nacional de Mudan\u00e7a do Clima do Minist\u00e9rio do Meio\nAmbiente e Mudan\u00e7a do Clima<br> <br> \n\nEstrutura do painel: 12 minutos de fala para cada painelista + 20 minutos finais de\ndebates<\/h2>\t\t\t\t<\/div>\n\t\t\t\t<\/div>\n\t\t\t\t<\/div>\n\t\t\t\t<\/div>\n\t\t<div class=\"elementor-element elementor-element-50d41c0 e-con-full e-flex e-con e-child\" data-id=\"50d41c0\" data-element_type=\"container\">\n\t\t<div class=\"elementor-element elementor-element-17f531e e-con-full e-flex e-con e-child\" data-id=\"17f531e\" data-element_type=\"container\" data-settings=\"{&quot;background_background&quot;:&quot;classic&quot;}\">\n\t\t\t\t<div class=\"elementor-element elementor-element-ec515f5 elementor-widget elementor-widget-heading\" data-id=\"ec515f5\" data-element_type=\"widget\" data-widget_type=\"heading.default\">\n\t\t\t\t<div class=\"elementor-widget-container\">\n\t\t\t\t\t<h2 class=\"elementor-heading-title elementor-size-default\">10h25 \u00e0s 11h05<\/h2>\t\t\t\t<\/div>\n\t\t\t\t<\/div>\n\t\t\t\t<\/div>\n\t\t<div class=\"elementor-element elementor-element-32b9839 e-con-full e-flex e-con e-child\" data-id=\"32b9839\" data-element_type=\"container\" data-settings=\"{&quot;background_background&quot;:&quot;classic&quot;}\">\n\t\t\t\t<div class=\"elementor-element elementor-element-4d662d2 elementor-widget elementor-widget-heading\" data-id=\"4d662d2\" data-element_type=\"widget\" data-widget_type=\"heading.default\">\n\t\t\t\t<div class=\"elementor-widget-container\">\n\t\t\t\t\t<h2 class=\"elementor-heading-title elementor-size-default\">Momento T\u00e9cnico \u2013 \u00c1guas do Futuro: Re\u00faso e Dessaliniza\u00e7\u00e3o para a Seguran\u00e7a H\u00eddrica <br>\nModerador: Munir Abud, presidente da Aesbe e da Cesan <br>  <br>\n\nComposi\u00e7\u00e3o da Mesa: <br>\n1) Ana Silva Pereira, diretora Executiva e Fundadora do Instituto Re\u00faso de\n\u00c1gua <br>\n2) Eduardo Pedrosa, diretor da Associa\u00e7\u00e3o Latino-Americana de\nDessaliniza\u00e7\u00e3o e Reuso de \u00c1gua (Aladyr) <br><br>\n\nEstrutura do painel: Bate papo interativo de 40 minutos, com perguntas direcionadas\npelo moderador<\/h2>\t\t\t\t<\/div>\n\t\t\t\t<\/div>\n\t\t\t\t<\/div>\n\t\t\t\t<\/div>\n\t\t<div class=\"elementor-element elementor-element-12bec8d e-con-full e-flex e-con e-child\" data-id=\"12bec8d\" data-element_type=\"container\">\n\t\t<div class=\"elementor-element elementor-element-fe7ad14 e-con-full e-flex e-con e-child\" data-id=\"fe7ad14\" data-element_type=\"container\" data-settings=\"{&quot;background_background&quot;:&quot;classic&quot;}\">\n\t\t\t\t<div class=\"elementor-element elementor-element-fd8fc62 elementor-widget elementor-widget-heading\" data-id=\"fd8fc62\" data-element_type=\"widget\" data-widget_type=\"heading.default\">\n\t\t\t\t<div class=\"elementor-widget-container\">\n\t\t\t\t\t<h2 class=\"elementor-heading-title elementor-size-default\">11h10 \u00e0s 12h30<\/h2>\t\t\t\t<\/div>\n\t\t\t\t<\/div>\n\t\t\t\t<\/div>\n\t\t<div class=\"elementor-element elementor-element-eccdb5d e-con-full e-flex e-con e-child\" data-id=\"eccdb5d\" data-element_type=\"container\" data-settings=\"{&quot;background_background&quot;:&quot;classic&quot;}\">\n\t\t\t\t<div class=\"elementor-element elementor-element-6cb15ef elementor-widget elementor-widget-heading\" data-id=\"6cb15ef\" data-element_type=\"widget\" data-widget_type=\"heading.default\">\n\t\t\t\t<div class=\"elementor-widget-container\">\n\t\t\t\t\t<h2 class=\"elementor-heading-title elementor-size-default\">PAINEL 4: Regula\u00e7\u00e3o Inteligente e Metas de Qualidade: rumo \u00e0 universaliza\u00e7\u00e3o <br>\n\nModerador: Aguinaldo Ballon, vice-presidente Regional Sudeste da Aesbe e presidente da Cedae <br><br>\n\nComposi\u00e7\u00e3o da Mesa: <br>\n1) Cristiane Battiston, diretora da ANA <br>\n2) Dem\u00e9trius Gonzalez, presidente da Abrasan <br>\n3) Rafael de Mello, Superintendente de Abastecimento de \u00c1gua e Esgoto da Adasa <br>\n4) Felipe Bueno Xavier Nunes, coordenador da C\u00e2mara T\u00e9cnica de Regula\u00e7\u00e3o da Aesbe <br><br>\n\nEstrutura do painel: 12 minutos de fala para cada painelista + 20 minutos finais de\ndebates<\/h2>\t\t\t\t<\/div>\n\t\t\t\t<\/div>\n\t\t\t\t<\/div>\n\t\t\t\t<\/div>\n\t\t<div class=\"elementor-element elementor-element-81ccc60 e-con-full e-flex e-con e-child\" data-id=\"81ccc60\" data-element_type=\"container\">\n\t\t<div class=\"elementor-element elementor-element-3158a7b e-con-full e-flex e-con e-child\" data-id=\"3158a7b\" data-element_type=\"container\" data-settings=\"{&quot;background_background&quot;:&quot;classic&quot;}\">\n\t\t\t\t<div class=\"elementor-element elementor-element-f750368 elementor-widget elementor-widget-heading\" data-id=\"f750368\" data-element_type=\"widget\" data-widget_type=\"heading.default\">\n\t\t\t\t<div class=\"elementor-widget-container\">\n\t\t\t\t\t<h2 class=\"elementor-heading-title elementor-size-default\">12h30 \u00e0s 14h<\/h2>\t\t\t\t<\/div>\n\t\t\t\t<\/div>\n\t\t\t\t<\/div>\n\t\t<div class=\"elementor-element elementor-element-326731e e-con-full e-flex e-con e-child\" data-id=\"326731e\" data-element_type=\"container\" data-settings=\"{&quot;background_background&quot;:&quot;classic&quot;}\">\n\t\t\t\t<div class=\"elementor-element elementor-element-663d334 elementor-widget elementor-widget-heading\" data-id=\"663d334\" data-element_type=\"widget\" data-widget_type=\"heading.default\">\n\t\t\t\t<div class=\"elementor-widget-container\">\n\t\t\t\t\t<h2 class=\"elementor-heading-title elementor-size-default\">Pausa para Almo\u00e7o<\/h2>\t\t\t\t<\/div>\n\t\t\t\t<\/div>\n\t\t\t\t<\/div>\n\t\t\t\t<\/div>\n\t\t<div class=\"elementor-element elementor-element-aa3bedf e-con-full e-flex e-con e-child\" data-id=\"aa3bedf\" data-element_type=\"container\">\n\t\t<div class=\"elementor-element elementor-element-afabe99 e-con-full e-flex e-con e-child\" data-id=\"afabe99\" data-element_type=\"container\" data-settings=\"{&quot;background_background&quot;:&quot;classic&quot;}\">\n\t\t\t\t<div class=\"elementor-element elementor-element-f0a95de elementor-widget elementor-widget-heading\" data-id=\"f0a95de\" data-element_type=\"widget\" data-widget_type=\"heading.default\">\n\t\t\t\t<div class=\"elementor-widget-container\">\n\t\t\t\t\t<h2 class=\"elementor-heading-title elementor-size-default\">14h \u00e0s 15h<\/h2>\t\t\t\t<\/div>\n\t\t\t\t<\/div>\n\t\t\t\t<\/div>\n\t\t<div class=\"elementor-element elementor-element-750a445 e-con-full e-flex e-con e-child\" data-id=\"750a445\" data-element_type=\"container\" data-settings=\"{&quot;background_background&quot;:&quot;classic&quot;}\">\n\t\t\t\t<div class=\"elementor-element elementor-element-533f8ba elementor-widget elementor-widget-heading\" data-id=\"533f8ba\" data-element_type=\"widget\" data-widget_type=\"heading.default\">\n\t\t\t\t<div class=\"elementor-widget-container\">\n\t\t\t\t\t<h2 class=\"elementor-heading-title elementor-size-default\">Mesa de Casos Inspiradores \u2013 Justi\u00e7a Ambiental em Pr\u00e1tica <br>\nModerador: Cleverson Brancalh\u00e3o, presidente do Conselho Fiscal da Aesbe e\npresidente da Caerd <br> <br>\n\nComposi\u00e7\u00e3o da Mesa: <br>\n1) Elizangela de Souza Rodrigues, Diretora de Engenharia e Gest\u00e3o Ambiental da Caer e vencedora da Categoria Justi\u00e7a Ambiental do I Pr\u00eamio Nacional Universalizar <br>\n2) Heder Cortez, assessor da Presid\u00eancia da Cagece e segundo colocado da categoria Justi\u00e7a Ambiental do I Pr\u00eamio Nacional Universalizar <br>\n3) Allan Borges, chefe de Gabinete e presidente do Conselho ESG da Cedae  <br> <br>\n\nEstrutura do painel: 12 minutos de fala para cada painelista + 20 minutos finais de\ndebates<\/h2>\t\t\t\t<\/div>\n\t\t\t\t<\/div>\n\t\t\t\t<\/div>\n\t\t\t\t<\/div>\n\t\t<div class=\"elementor-element elementor-element-6d544f5 e-con-full e-flex e-con e-child\" data-id=\"6d544f5\" data-element_type=\"container\">\n\t\t<div class=\"elementor-element elementor-element-c53f571 e-con-full e-flex e-con e-child\" data-id=\"c53f571\" data-element_type=\"container\" data-settings=\"{&quot;background_background&quot;:&quot;classic&quot;}\">\n\t\t\t\t<div class=\"elementor-element elementor-element-e171489 elementor-widget elementor-widget-heading\" data-id=\"e171489\" data-element_type=\"widget\" data-widget_type=\"heading.default\">\n\t\t\t\t<div class=\"elementor-widget-container\">\n\t\t\t\t\t<h2 class=\"elementor-heading-title elementor-size-default\">15h \u00e0s 15h20<\/h2>\t\t\t\t<\/div>\n\t\t\t\t<\/div>\n\t\t\t\t<\/div>\n\t\t<div class=\"elementor-element elementor-element-6634fa8 e-con-full e-flex e-con e-child\" data-id=\"6634fa8\" data-element_type=\"container\" data-settings=\"{&quot;background_background&quot;:&quot;classic&quot;}\">\n\t\t\t\t<div class=\"elementor-element elementor-element-ade3765 elementor-widget elementor-widget-heading\" data-id=\"ade3765\" data-element_type=\"widget\" data-widget_type=\"heading.default\">\n\t\t\t\t<div class=\"elementor-widget-container\">\n\t\t\t\t\t<h2 class=\"elementor-heading-title elementor-size-default\">Intervalo <\/h2>\t\t\t\t<\/div>\n\t\t\t\t<\/div>\n\t\t\t\t<\/div>\n\t\t\t\t<\/div>\n\t\t<div class=\"elementor-element elementor-element-84b42df e-con-full e-flex e-con e-child\" data-id=\"84b42df\" data-element_type=\"container\">\n\t\t<div class=\"elementor-element elementor-element-f8aa1b5 e-con-full e-flex e-con e-child\" data-id=\"f8aa1b5\" data-element_type=\"container\" data-settings=\"{&quot;background_background&quot;:&quot;classic&quot;}\">\n\t\t\t\t<div class=\"elementor-element elementor-element-9d229dc elementor-widget elementor-widget-heading\" data-id=\"9d229dc\" data-element_type=\"widget\" data-widget_type=\"heading.default\">\n\t\t\t\t<div class=\"elementor-widget-container\">\n\t\t\t\t\t<h2 class=\"elementor-heading-title elementor-size-default\">15h20 \u00e0s 16h40<\/h2>\t\t\t\t<\/div>\n\t\t\t\t<\/div>\n\t\t\t\t<\/div>\n\t\t<div class=\"elementor-element elementor-element-7561302 e-con-full e-flex e-con e-child\" data-id=\"7561302\" data-element_type=\"container\" data-settings=\"{&quot;background_background&quot;:&quot;classic&quot;}\">\n\t\t\t\t<div class=\"elementor-element elementor-element-65cb591 elementor-widget elementor-widget-heading\" data-id=\"65cb591\" data-element_type=\"widget\" data-widget_type=\"heading.default\">\n\t\t\t\t<div class=\"elementor-widget-container\">\n\t\t\t\t\t<h2 class=\"elementor-heading-title elementor-size-default\">PAINEL 5: Seguran\u00e7a Jur\u00eddica e Sustentabilidade dos Contratos no Saneamento  <br>\nModerador: Tallyta Leite, procuradora Jur\u00eddica da Caema <br><br>\n\nComposi\u00e7\u00e3o da Mesa: <br>\n1) Fernanda Rodrigues Morais, consultora Jur\u00eddica do Minist\u00e9rio das Cidades <br>\n2) Mateus da Cruz, advogado da BLCN Advocacia  <br>\n3) Marcelo Abelha, advogado especialista em Direito Ambiental <br>\n4) Marcelo Lemos, especialista em Direito Urbano e Ambiental <br><br>\n\nEstrutura do painel: 10 minutos de fala para cada painelista + 20 minutos finais de\ndebates<\/h2>\t\t\t\t<\/div>\n\t\t\t\t<\/div>\n\t\t\t\t<\/div>\n\t\t\t\t<\/div>\n\t\t<div class=\"elementor-element elementor-element-0908bb6 e-con-full e-flex e-con e-child\" data-id=\"0908bb6\" data-element_type=\"container\">\n\t\t<div class=\"elementor-element elementor-element-0c3911a e-con-full e-flex e-con e-child\" data-id=\"0c3911a\" data-element_type=\"container\" data-settings=\"{&quot;background_background&quot;:&quot;classic&quot;}\">\n\t\t\t\t<div class=\"elementor-element elementor-element-42bb5e8 elementor-widget elementor-widget-heading\" data-id=\"42bb5e8\" data-element_type=\"widget\" data-widget_type=\"heading.default\">\n\t\t\t\t<div class=\"elementor-widget-container\">\n\t\t\t\t\t<h2 class=\"elementor-heading-title elementor-size-default\">16h45 \u00e0s 17h05<\/h2>\t\t\t\t<\/div>\n\t\t\t\t<\/div>\n\t\t\t\t<\/div>\n\t\t<div class=\"elementor-element elementor-element-eb16654 e-con-full e-flex e-con e-child\" data-id=\"eb16654\" data-element_type=\"container\" data-settings=\"{&quot;background_background&quot;:&quot;classic&quot;}\">\n\t\t\t\t<div class=\"elementor-element elementor-element-950f527 elementor-widget elementor-widget-heading\" data-id=\"950f527\" data-element_type=\"widget\" data-widget_type=\"heading.default\">\n\t\t\t\t<div class=\"elementor-widget-container\">\n\t\t\t\t\t<h2 class=\"elementor-heading-title elementor-size-default\">Momento Enorsul <br> \nTema: COP30 - Influ\u00eancia do Saneamento nas mudan\u00e7as clim\u00e1ticas e Contratos de Performance <br> <br> \n\nPalestrantes: Waldecir Colombini, diretor da Enorsul, e Matheus Condolo, gestor de Contratos da Enorsul<\/h2>\t\t\t\t<\/div>\n\t\t\t\t<\/div>\n\t\t\t\t<\/div>\n\t\t\t\t<\/div>\n\t\t<div class=\"elementor-element elementor-element-223ed72 e-con-full e-flex e-con e-child\" data-id=\"223ed72\" data-element_type=\"container\">\n\t\t<div class=\"elementor-element elementor-element-d4030fc e-con-full e-flex e-con e-child\" data-id=\"d4030fc\" data-element_type=\"container\" data-settings=\"{&quot;background_background&quot;:&quot;classic&quot;}\">\n\t\t\t\t<div class=\"elementor-element elementor-element-e6151c2 elementor-widget elementor-widget-heading\" data-id=\"e6151c2\" data-element_type=\"widget\" data-widget_type=\"heading.default\">\n\t\t\t\t<div class=\"elementor-widget-container\">\n\t\t\t\t\t<h2 class=\"elementor-heading-title elementor-size-default\">17h10 \u00e0s 17h50<\/h2>\t\t\t\t<\/div>\n\t\t\t\t<\/div>\n\t\t\t\t<\/div>\n\t\t<div class=\"elementor-element elementor-element-f0dd0f8 e-con-full e-flex e-con e-child\" data-id=\"f0dd0f8\" data-element_type=\"container\" data-settings=\"{&quot;background_background&quot;:&quot;classic&quot;}\">\n\t\t\t\t<div class=\"elementor-element elementor-element-72647cc elementor-widget elementor-widget-heading\" data-id=\"72647cc\" data-element_type=\"widget\" data-widget_type=\"heading.default\">\n\t\t\t\t<div class=\"elementor-widget-container\">\n\t\t\t\t\t<h2 class=\"elementor-heading-title elementor-size-default\">O Papel dos \u00d3rg\u00e3os de controle na Universaliza\u00e7\u00e3o do Saneamento <br> \nModerador: Roberto Tavares, ex-presidente da Aesbe <br> <br> \n\nPalestrante: Lygia Maria Sarlo Wilken, Auditora do Tribunal de Contas do\nEstado do Esp\u00edrito Santo (TEC-ES)<br> <br> \n\nEstrutura do painel: Bate papo interativo de 40 minutos, com perguntas direcionadas\npelo moderador<\/h2>\t\t\t\t<\/div>\n\t\t\t\t<\/div>\n\t\t\t\t<\/div>\n\t\t\t\t<\/div>\n\t\t<div class=\"elementor-element elementor-element-5ef9053 e-con-full e-flex e-con e-child\" data-id=\"5ef9053\" data-element_type=\"container\">\n\t\t<div class=\"elementor-element elementor-element-bbb1e7b e-con-full e-flex e-con e-child\" data-id=\"bbb1e7b\" data-element_type=\"container\" data-settings=\"{&quot;background_background&quot;:&quot;classic&quot;}\">\n\t\t\t\t<div class=\"elementor-element elementor-element-89996ed elementor-widget elementor-widget-heading\" data-id=\"89996ed\" data-element_type=\"widget\" data-widget_type=\"heading.default\">\n\t\t\t\t<div class=\"elementor-widget-container\">\n\t\t\t\t\t<h2 class=\"elementor-heading-title elementor-size-default\">17h55 \u00e0s 19h<\/h2>\t\t\t\t<\/div>\n\t\t\t\t<\/div>\n\t\t\t\t<\/div>\n\t\t<div class=\"elementor-element elementor-element-7095908 e-con-full e-flex e-con e-child\" data-id=\"7095908\" data-element_type=\"container\" data-settings=\"{&quot;background_background&quot;:&quot;classic&quot;}\">\n\t\t\t\t<div class=\"elementor-element elementor-element-41d2bf7 elementor-widget elementor-widget-heading\" data-id=\"41d2bf7\" data-element_type=\"widget\" data-widget_type=\"heading.default\">\n\t\t\t\t<div class=\"elementor-widget-container\">\n\t\t\t\t\t<h2 class=\"elementor-heading-title elementor-size-default\">PAINEL 6: Transi\u00e7\u00e3o Energ\u00e9tica e Gest\u00e3o de\nCustos no Saneamento <br>  <br>\n\nModerador: Cl\u00e9cio Costa Cruz, diretor T\u00e9cnico e de Planejamento da Embasa<br><br>\n\nComposi\u00e7\u00e3o da Mesa: <br>\n1) Gisele Cunha, Diretora de Gest\u00e3o de Energia da Sabesp <br>\n2) Bruno Herbert, presidente da Associa\u00e7\u00e3o Brasileira das Empresas de\nServi\u00e7os de Conserva\u00e7\u00e3o de Energia (Abesco) <br>\n3) Gustavo Rafael Collere Possetti, gerente de Pesquisa e Inova\u00e7\u00e3o da Sanepar. Vencedor da categoria Transi\u00e7\u00e3o Energ\u00e9tica do I Pr\u00eamio\nNacional Universalizar <br>\n4) Fernando Perrone, diretor Geral do Instituto Nacional de Efici\u00eancia Energ\u00e9tica (INEE) <br><br>\n\nEstrutura do painel: 10 minutos de fala para cada painelista + 20 minutos finais de\ndebates<\/h2>\t\t\t\t<\/div>\n\t\t\t\t<\/div>\n\t\t\t\t<\/div>\n\t\t\t\t<\/div>\n\t\t<div class=\"elementor-element elementor-element-43d7454 e-con-full e-flex e-con e-child\" data-id=\"43d7454\" data-element_type=\"container\">\n\t\t<div class=\"elementor-element elementor-element-41b54f2 e-con-full e-flex e-con e-child\" data-id=\"41b54f2\" data-element_type=\"container\" data-settings=\"{&quot;background_background&quot;:&quot;classic&quot;}\">\n\t\t\t\t<div class=\"elementor-element elementor-element-733c00e elementor-widget elementor-widget-heading\" data-id=\"733c00e\" data-element_type=\"widget\" data-widget_type=\"heading.default\">\n\t\t\t\t<div class=\"elementor-widget-container\">\n\t\t\t\t\t<h2 class=\"elementor-heading-title elementor-size-default\">19h \u00e0s 21h<\/h2>\t\t\t\t<\/div>\n\t\t\t\t<\/div>\n\t\t\t\t<\/div>\n\t\t<div class=\"elementor-element elementor-element-15e27a4 e-con-full e-flex e-con e-child\" data-id=\"15e27a4\" data-element_type=\"container\" data-settings=\"{&quot;background_background&quot;:&quot;classic&quot;}\">\n\t\t\t\t<div class=\"elementor-element elementor-element-5afed07 elementor-widget elementor-widget-heading\" data-id=\"5afed07\" data-element_type=\"widget\" data-widget_type=\"heading.default\">\n\t\t\t\t<div class=\"elementor-widget-container\">\n\t\t\t\t\t<h2 class=\"elementor-heading-title elementor-size-default\">Coquetel oferecido pela Aesbe:  Apresenta\u00e7\u00e3o musical de Ta\u00eds Guerino Com Voz e Viol\u00e3o<\/h2>\t\t\t\t<\/div>\n\t\t\t\t<\/div>\n\t\t\t\t<\/div>\n\t\t\t\t<\/div>\n\t\t<div class=\"elementor-element elementor-element-a6194da e-con-full e-flex e-con e-child\" data-id=\"a6194da\" data-element_type=\"container\">\n\t\t<div class=\"elementor-element elementor-element-31c982c e-con-full e-flex e-con e-child\" data-id=\"31c982c\" data-element_type=\"container\" data-settings=\"{&quot;background_background&quot;:&quot;classic&quot;}\">\n\t\t\t\t<div class=\"elementor-element elementor-element-ba15a65 elementor-widget elementor-widget-heading\" data-id=\"ba15a65\" data-element_type=\"widget\" data-widget_type=\"heading.default\">\n\t\t\t\t<div class=\"elementor-widget-container\">\n\t\t\t\t\t<h2 class=\"elementor-heading-title elementor-size-default\">21h\n<\/h2>\t\t\t\t<\/div>\n\t\t\t\t<\/div>\n\t\t\t\t<\/div>\n\t\t<div class=\"elementor-element elementor-element-2536fd5 e-con-full e-flex e-con e-child\" data-id=\"2536fd5\" data-element_type=\"container\" data-settings=\"{&quot;background_background&quot;:&quot;classic&quot;}\">\n\t\t\t\t<div class=\"elementor-element elementor-element-b9a5d24 elementor-widget elementor-widget-heading\" data-id=\"b9a5d24\" data-element_type=\"widget\" data-widget_type=\"heading.default\">\n\t\t\t\t<div class=\"elementor-widget-container\">\n\t\t\t\t\t<h2 class=\"elementor-heading-title elementor-size-default\">Encerramento do segundo dia<\/h2>\t\t\t\t<\/div>\n\t\t\t\t<\/div>\n\t\t\t\t<\/div>\n\t\t\t\t<\/div>\n\t\t\t\t\t<\/div>\n\t\t\t\t<\/div>\n\t\t<div id=\"e-n-tab-content-1699686863\" role=\"tabpanel\" aria-labelledby=\"e-n-tab-title-1699686863\" data-tab-index=\"3\" style=\"--n-tabs-title-order: 3;\" class=\" elementor-element elementor-element-2dadc87 e-flex e-con-boxed e-con e-child\" data-id=\"2dadc87\" data-element_type=\"container\">\n\t\t\t\t\t<div class=\"e-con-inner\">\n\t\t<div class=\"elementor-element elementor-element-19cb6a9 e-con-full e-flex e-con e-child\" data-id=\"19cb6a9\" data-element_type=\"container\">\n\t\t<div class=\"elementor-element elementor-element-63efa4a e-con-full e-flex e-con e-child\" data-id=\"63efa4a\" data-element_type=\"container\" data-settings=\"{&quot;background_background&quot;:&quot;classic&quot;}\">\n\t\t\t\t<div class=\"elementor-element elementor-element-08a122e elementor-widget elementor-widget-heading\" data-id=\"08a122e\" data-element_type=\"widget\" data-widget_type=\"heading.default\">\n\t\t\t\t<div class=\"elementor-widget-container\">\n\t\t\t\t\t<h2 class=\"elementor-heading-title elementor-size-default\">9h \u00e0s 10h30<\/h2>\t\t\t\t<\/div>\n\t\t\t\t<\/div>\n\t\t\t\t<\/div>\n\t\t<div class=\"elementor-element elementor-element-8a2ba1c e-con-full e-flex e-con e-child\" data-id=\"8a2ba1c\" data-element_type=\"container\" data-settings=\"{&quot;background_background&quot;:&quot;classic&quot;}\">\n\t\t\t\t<div class=\"elementor-element elementor-element-4723e58 elementor-widget elementor-widget-heading\" data-id=\"4723e58\" data-element_type=\"widget\" data-widget_type=\"heading.default\">\n\t\t\t\t<div class=\"elementor-widget-container\">\n\t\t\t\t\t<h2 class=\"elementor-heading-title elementor-size-default\">Talk Show \u00c9 B\u00e1sico: Comunica\u00e7\u00e3o e prop\u00f3sito no saneamento P\u00f3s-COP30 <br>\nModerador: Rhayana Ara\u00fajo, gerente de Comunica\u00e7\u00e3o da Aesbe  <br> <br>\n\nComposi\u00e7\u00e3o da Mesa: <br>\n1) Leonardo Costa, coordenador da C\u00e2mara T\u00e9cnica de Comunica\u00e7\u00e3o da Aesbe <br>\n2) Luana Nunes, chefe da Unidade de Comunica\u00e7\u00e3o da Embasa <br>\n3) Denise Ribeiro, gerente de Comunica\u00e7\u00e3o da Cedae <br>\n4) Desiery Marchini, coordenadora de Comunica\u00e7\u00e3o da Cesan <br>\n5) Gabriela Mendon\u00e7a, gerente executiva de Comunica\u00e7\u00e3o da Corsan  <br>\n6) Cintia Torquetto, gerente de Rela\u00e7\u00f5es Institucionais e Comunica\u00e7\u00e3o do Instituto Trata Brasil <br> <br>\n\nEstrutura do painel: Rodadas de perguntas e respostas, conduzidas pela moderadora,\ncom a dura\u00e7\u00e3o de 1 hora e 30 minutos<\/h2>\t\t\t\t<\/div>\n\t\t\t\t<\/div>\n\t\t\t\t<\/div>\n\t\t\t\t<\/div>\n\t\t<div class=\"elementor-element elementor-element-80cf5c9 e-con-full e-flex e-con e-child\" data-id=\"80cf5c9\" data-element_type=\"container\">\n\t\t<div class=\"elementor-element elementor-element-7b0e597 e-con-full e-flex e-con e-child\" data-id=\"7b0e597\" data-element_type=\"container\" data-settings=\"{&quot;background_background&quot;:&quot;classic&quot;}\">\n\t\t\t\t<div class=\"elementor-element elementor-element-188f49c elementor-widget elementor-widget-heading\" data-id=\"188f49c\" data-element_type=\"widget\" data-widget_type=\"heading.default\">\n\t\t\t\t<div class=\"elementor-widget-container\">\n\t\t\t\t\t<h2 class=\"elementor-heading-title elementor-size-default\">10h30 \u00e0s 10h50\n<\/h2>\t\t\t\t<\/div>\n\t\t\t\t<\/div>\n\t\t\t\t<\/div>\n\t\t<div class=\"elementor-element elementor-element-4cab245 e-con-full e-flex e-con e-child\" data-id=\"4cab245\" data-element_type=\"container\" data-settings=\"{&quot;background_background&quot;:&quot;classic&quot;}\">\n\t\t\t\t<div class=\"elementor-element elementor-element-9b87319 elementor-widget elementor-widget-heading\" data-id=\"9b87319\" data-element_type=\"widget\" data-widget_type=\"heading.default\">\n\t\t\t\t<div class=\"elementor-widget-container\">\n\t\t\t\t\t<h2 class=\"elementor-heading-title elementor-size-default\">Momento Sustentabilidade - O Saneamento e as Mudan\u00e7as Clim\u00e1ticas: Cases de Sucesso Aegea <br>\nPalestrante: Rog\u00e9rio Tavares, Vice-Presidente de Rela\u00e7\u00f5es Institucionais da\nAegea<\/h2>\t\t\t\t<\/div>\n\t\t\t\t<\/div>\n\t\t\t\t<\/div>\n\t\t\t\t<\/div>\n\t\t<div class=\"elementor-element elementor-element-7a04190 e-con-full e-flex e-con e-child\" data-id=\"7a04190\" data-element_type=\"container\">\n\t\t<div class=\"elementor-element elementor-element-7bd8e13 e-con-full e-flex e-con e-child\" data-id=\"7bd8e13\" data-element_type=\"container\" data-settings=\"{&quot;background_background&quot;:&quot;classic&quot;}\">\n\t\t\t\t<div class=\"elementor-element elementor-element-308dce6 elementor-widget elementor-widget-heading\" data-id=\"308dce6\" data-element_type=\"widget\" data-widget_type=\"heading.default\">\n\t\t\t\t<div class=\"elementor-widget-container\">\n\t\t\t\t\t<h2 class=\"elementor-heading-title elementor-size-default\">10h50  \u00e0s 11h10<\/h2>\t\t\t\t<\/div>\n\t\t\t\t<\/div>\n\t\t\t\t<\/div>\n\t\t<div class=\"elementor-element elementor-element-acb8d3c e-con-full e-flex e-con e-child\" data-id=\"acb8d3c\" data-element_type=\"container\" data-settings=\"{&quot;background_background&quot;:&quot;classic&quot;}\">\n\t\t\t\t<div class=\"elementor-element elementor-element-398d814 elementor-widget elementor-widget-heading\" data-id=\"398d814\" data-element_type=\"widget\" data-widget_type=\"heading.default\">\n\t\t\t\t<div class=\"elementor-widget-container\">\n\t\t\t\t\t<h2 class=\"elementor-heading-title elementor-size-default\">Intervalo <\/h2>\t\t\t\t<\/div>\n\t\t\t\t<\/div>\n\t\t\t\t<\/div>\n\t\t\t\t<\/div>\n\t\t<div class=\"elementor-element elementor-element-5f20b71 e-con-full e-flex e-con e-child\" data-id=\"5f20b71\" data-element_type=\"container\">\n\t\t<div class=\"elementor-element elementor-element-0f1b3f9 e-con-full e-flex e-con e-child\" data-id=\"0f1b3f9\" data-element_type=\"container\" data-settings=\"{&quot;background_background&quot;:&quot;classic&quot;}\">\n\t\t\t\t<div class=\"elementor-element elementor-element-d5c7330 elementor-widget elementor-widget-heading\" data-id=\"d5c7330\" data-element_type=\"widget\" data-widget_type=\"heading.default\">\n\t\t\t\t<div class=\"elementor-widget-container\">\n\t\t\t\t\t<h2 class=\"elementor-heading-title elementor-size-default\">11h10 \u00e0s 12h30<\/h2>\t\t\t\t<\/div>\n\t\t\t\t<\/div>\n\t\t\t\t<\/div>\n\t\t<div class=\"elementor-element elementor-element-96fd7e9 e-con-full e-flex e-con e-child\" data-id=\"96fd7e9\" data-element_type=\"container\" data-settings=\"{&quot;background_background&quot;:&quot;classic&quot;}\">\n\t\t\t\t<div class=\"elementor-element elementor-element-bfeb05f elementor-widget elementor-widget-heading\" data-id=\"bfeb05f\" data-element_type=\"widget\" data-widget_type=\"heading.default\">\n\t\t\t\t<div class=\"elementor-widget-container\">\n\t\t\t\t\t<h2 class=\"elementor-heading-title elementor-size-default\">PAINEL 7: Inova\u00e7\u00e3o no Saneamento: efici\u00eancia e produtividade <br>\nModerador: Luiz Cavalcante Peixoto Neto, presidente da Casal e presidente do Conselho Fiscal da Aesbe <br> <br>\n\nComposi\u00e7\u00e3o da Mesa: <br>\n1) Fuad Moura, superintendente de Capta\u00e7\u00e3o de Recursos, Coopera\u00e7\u00e3o e Inova\u00e7\u00e3o da Caesb <br>\n2) Aguinaldo Ballon, vice-presidente Regional Sudeste da Aesbe e presidente da Cedae <br>\n3) Cailiny Darley de Menezes Medeiros, secret\u00e1ria da C\u00e2mara T\u00e9cnica de Inova\u00e7\u00e3o da Aesbe. Vencedora da Categoria Inova\u00e7\u00e3o do I Pr\u00eamio Nacional Universalizar <br>\n4) Eduardo Pedroza da Cunha Lima, gerente de Novos Neg\u00f3cios da\nGS Inima Industrial <br> <br>\n\nEstrutura do painel: 12 minutos de fala para cada painelista + 20 minutos finais de\ndebates<\/h2>\t\t\t\t<\/div>\n\t\t\t\t<\/div>\n\t\t\t\t<\/div>\n\t\t\t\t<\/div>\n\t\t<div class=\"elementor-element elementor-element-5f41d09 e-con-full e-flex e-con e-child\" data-id=\"5f41d09\" data-element_type=\"container\">\n\t\t<div class=\"elementor-element elementor-element-29f618a e-con-full e-flex e-con e-child\" data-id=\"29f618a\" data-element_type=\"container\" data-settings=\"{&quot;background_background&quot;:&quot;classic&quot;}\">\n\t\t\t\t<div class=\"elementor-element elementor-element-4703c66 elementor-widget elementor-widget-heading\" data-id=\"4703c66\" data-element_type=\"widget\" data-widget_type=\"heading.default\">\n\t\t\t\t<div class=\"elementor-widget-container\">\n\t\t\t\t\t<h2 class=\"elementor-heading-title elementor-size-default\">12h35 \u00e0s 13h45<\/h2>\t\t\t\t<\/div>\n\t\t\t\t<\/div>\n\t\t\t\t<\/div>\n\t\t<div class=\"elementor-element elementor-element-8a1425c e-con-full e-flex e-con e-child\" data-id=\"8a1425c\" data-element_type=\"container\" data-settings=\"{&quot;background_background&quot;:&quot;classic&quot;}\">\n\t\t\t\t<div class=\"elementor-element elementor-element-dfbff82 elementor-widget elementor-widget-heading\" data-id=\"dfbff82\" data-element_type=\"widget\" data-widget_type=\"heading.default\">\n\t\t\t\t<div class=\"elementor-widget-container\">\n\t\t\t\t\t<h2 class=\"elementor-heading-title elementor-size-default\">PAINEL 8: Meio Ambiente e Economia Circular: o futuro do saneamento sustent\u00e1vel <br> <br> \n\nComposi\u00e7\u00e3o da Mesa: <br> \n1) Samara Silva Silveira, coordenadora de Responsabilidade Social da Cagece. Vencedora da Categoria Meio Ambiente do I Pr\u00eamio Nacional Universalizar <br> \n2) Camila Roncato, coordenadora da C\u00e2mara T\u00e9cnica de Gest\u00e3o Ambiental e Mudan\u00e7a do Clima da Aesbe e superintendente de Meio\nAmbiente e Recursos H\u00eddricos da Saneago<br>  <br> \n\nEstrutura do painel: 12 minutos de fala para cada painelista + 20 minutos finais de\ndebates<\/h2>\t\t\t\t<\/div>\n\t\t\t\t<\/div>\n\t\t\t\t<\/div>\n\t\t\t\t<\/div>\n\t\t<div class=\"elementor-element elementor-element-7fa3745 e-con-full e-flex e-con e-child\" data-id=\"7fa3745\" data-element_type=\"container\">\n\t\t<div class=\"elementor-element elementor-element-74b8b1a e-con-full e-flex e-con e-child\" data-id=\"74b8b1a\" data-element_type=\"container\" data-settings=\"{&quot;background_background&quot;:&quot;classic&quot;}\">\n\t\t\t\t<div class=\"elementor-element elementor-element-c6a0ab9 elementor-widget elementor-widget-heading\" data-id=\"c6a0ab9\" data-element_type=\"widget\" data-widget_type=\"heading.default\">\n\t\t\t\t<div class=\"elementor-widget-container\">\n\t\t\t\t\t<h2 class=\"elementor-heading-title elementor-size-default\">13h45 \u00e0s 19h<\/h2>\t\t\t\t<\/div>\n\t\t\t\t<\/div>\n\t\t\t\t<\/div>\n\t\t<div class=\"elementor-element elementor-element-8c9fb07 e-con-full e-flex e-con e-child\" data-id=\"8c9fb07\" data-element_type=\"container\" data-settings=\"{&quot;background_background&quot;:&quot;classic&quot;}\">\n\t\t\t\t<div class=\"elementor-element elementor-element-3f23a6e elementor-widget elementor-widget-heading\" data-id=\"3f23a6e\" data-element_type=\"widget\" data-widget_type=\"heading.default\">\n\t\t\t\t<div class=\"elementor-widget-container\">\n\t\t\t\t\t<h2 class=\"elementor-heading-title elementor-size-default\">Intervalo para recomposi\u00e7\u00e3o da plen\u00e1ria<\/h2>\t\t\t\t<\/div>\n\t\t\t\t<\/div>\n\t\t\t\t<\/div>\n\t\t\t\t<\/div>\n\t\t<div class=\"elementor-element elementor-element-75f1bd6 e-con-full e-flex e-con e-child\" data-id=\"75f1bd6\" data-element_type=\"container\">\n\t\t<div class=\"elementor-element elementor-element-cc33f85 e-con-full e-flex e-con e-child\" data-id=\"cc33f85\" data-element_type=\"container\" data-settings=\"{&quot;background_background&quot;:&quot;classic&quot;}\">\n\t\t\t\t<div class=\"elementor-element elementor-element-52d0dbd elementor-widget elementor-widget-heading\" data-id=\"52d0dbd\" data-element_type=\"widget\" data-widget_type=\"heading.default\">\n\t\t\t\t<div class=\"elementor-widget-container\">\n\t\t\t\t\t<h2 class=\"elementor-heading-title elementor-size-default\">19h \u00e0s 2h da manh\u00e3\n<\/h2>\t\t\t\t<\/div>\n\t\t\t\t<\/div>\n\t\t\t\t<\/div>\n\t\t<div class=\"elementor-element elementor-element-31c8535 e-con-full e-flex e-con e-child\" data-id=\"31c8535\" data-element_type=\"container\" data-settings=\"{&quot;background_background&quot;:&quot;classic&quot;}\">\n\t\t\t\t<div class=\"elementor-element elementor-element-1b768cf elementor-widget elementor-widget-heading\" data-id=\"1b768cf\" data-element_type=\"widget\" data-widget_type=\"heading.default\">\n\t\t\t\t<div class=\"elementor-widget-container\">\n\t\t\t\t\t<h2 class=\"elementor-heading-title elementor-size-default\">Cerim\u00f4nia de entrega do II Pr\u00eamio Nacional Universalizar e comemora\u00e7\u00e3o dos 41 anos da Aesbe <br><br>\nPrograma\u00e7\u00e3o: <br> 19h: Entrega da Premia\u00e7\u00e3o do II Pr\u00eamio Nacional Universalizar\n <br>21h: Falas de encerramento da Diretoria da Aesbe\n <br>21h30: Show da banda Biquini Cavad\u00e3o\n <br>23h30: Show da banda Rock Beats <br> <br>\n\nCom jantar oferecido pela Aesbe durante toda a Cerim\u00f4nia\n\n<\/h2>\t\t\t\t<\/div>\n\t\t\t\t<\/div>\n\t\t\t\t<\/div>\n\t\t\t\t<\/div>\n\t\t\t\t\t<\/div>\n\t\t\t\t<\/div>\n\t\t\t\t\t<\/div>\n\t\t<\/div>\n\t\t\t\t\t\t<\/div>\n\t\t\t\t<\/div>\n\t\t\t\t\t<\/div>\n\t\t\t\t<\/div>\n\t\t\t\t<\/div>\n\t\t","protected":false},"excerpt":{"rendered":"<p>Programa\u00e7\u00e3o 2 de dezembro 3 de dezembro 4 de dezembro 8h \u00e0s 9h Credenciamento 9h \u00e0s 9h45 Solenidade de Abertura Composi\u00e7\u00e3o da Mesa: 1) Munir Abud, presidente da Aesbe e da Cesan 2) Marcos Aur\u00e9lio Alves Freitas, vice-presidente Nacional da Aesbe e presidente da Caema 3) Leonardo Picciani, secret\u00e1rio Nacional de Saneamento Ambiental do Minist\u00e9rio [&hellip;]<\/p>\n","protected":false},"author":1,"featured_media":0,"parent":0,"menu_order":0,"comment_status":"closed","ping_status":"closed","template":"","meta":{"footnotes":""},"class_list":["post-196","page","type-page","status-publish","hentry"],"_links":{"self":[{"href":"https:\/\/www.aesbe.org.br\/universalizar\/wp-json\/wp\/v2\/pages\/196","targetHints":{"allow":["GET"]}}],"collection":[{"href":"https:\/\/www.aesbe.org.br\/universalizar\/wp-json\/wp\/v2\/pages"}],"about":[{"href":"https:\/\/www.aesbe.org.br\/universalizar\/wp-json\/wp\/v2\/types\/page"}],"author":[{"embeddable":true,"href":"https:\/\/www.aesbe.org.br\/universalizar\/wp-json\/wp\/v2\/users\/1"}],"replies":[{"embeddable":true,"href":"https:\/\/www.aesbe.org.br\/universalizar\/wp-json\/wp\/v2\/comments?post=196"}],"version-history":[{"count":76,"href":"https:\/\/www.aesbe.org.br\/universalizar\/wp-json\/wp\/v2\/pages\/196\/revisions"}],"predecessor-version":[{"id":715,"href":"https:\/\/www.aesbe.org.br\/universalizar\/wp-json\/wp\/v2\/pages\/196\/revisions\/715"}],"wp:attachment":[{"href":"https:\/\/www.aesbe.org.br\/universalizar\/wp-json\/wp\/v2\/media?parent=196"}],"curies":[{"name":"wp","href":"https:\/\/api.w.org\/{rel}","templated":true}]}}